{"id":2993,"date":"2020-06-05T10:31:07","date_gmt":"2020-06-05T08:31:07","guid":{"rendered":"https:\/\/www.predsjednik.hr\/?page_id=2993"},"modified":"2023-02-16T13:25:19","modified_gmt":"2023-02-16T12:25:19","slug":"documents","status":"publish","type":"page","link":"https:\/\/www.predsjednik.hr\/en\/access-to-information\/documents\/","title":{"rendered":"Documents and Budget of the Office of the President"},"content":{"rendered":"        <!--DOCUMENT DOWNLOAD BLOCK-->\n        <div class=\"c-document-download-block\">\n            <a href=\"https:\/\/www.predsjednik.hr\/wp-content\/uploads\/2021\/02\/Izvrsenje-Ureda-predsjednika-Republike-Hrvatske-za-2020..pdf\" class=\"c-document-download-block__link u-b0\" data-no-swup>\n\t\t\t\tIzvr\u0161enje Ureda predsjednika Republike Hrvatske za 2020.            <\/a>\n\n            <div class=\"c-document-download-block__meta u-b4\">\n                <span class=\"c-document-download-block__type u-capitalize\">pdf<\/span>\n                <span class=\"c-document-download-block__size\">128.17 Kb<\/span>\n            <\/div>\n\n        <\/div>\n        <!--end DOCUMENT DOWNLOAD BLOCK-->\n\t        <!--DOCUMENT DOWNLOAD BLOCK-->\n        <div class=\"c-document-download-block\">\n            <a href=\"https:\/\/www.predsjednik.hr\/wp-content\/uploads\/2021\/02\/Izvjestaji-proracunaproracunskih-i-izvanproracunskih-korisnika-za-razdoblje-1.-sijecanj-31.-prosinac-2020.xls\" class=\"c-document-download-block__link u-b0\" data-no-swup>\n\t\t\t\t Izvje\u0161taji prora\u010duna,prora\u010dunskih i izvanprora\u010dunskih korisnika za razdoblje 1. sije\u010danj &#8211; 31. prosinac 2020            <\/a>\n\n            <div class=\"c-document-download-block__meta u-b4\">\n                <span class=\"c-document-download-block__type u-capitalize\">vnd.ms-excel<\/span>\n                <span class=\"c-document-download-block__size\">1.25 Mb<\/span>\n            <\/div>\n\n        <\/div>\n        <!--end DOCUMENT DOWNLOAD BLOCK-->\n\t        <!--DOCUMENT DOWNLOAD BLOCK-->\n        <div class=\"c-document-download-block\">\n            <a href=\"https:\/\/www.predsjednik.hr\/wp-content\/uploads\/2021\/02\/Biljeske-uz-obrazac-P-VRIO.docx\" class=\"c-document-download-block__link u-b0\" data-no-swup>\n\t\t\t\tBilje\u0161ke uz obrazac P-VRIO            <\/a>\n\n            <div class=\"c-document-download-block__meta u-b4\">\n                <span class=\"c-document-download-block__type u-capitalize\">vnd.openxmlformats-officedocument.wordprocessingml.document<\/span>\n                <span class=\"c-document-download-block__size\">13.15 Kb<\/span>\n            <\/div>\n\n        <\/div>\n        <!--end DOCUMENT DOWNLOAD BLOCK-->\n\t        <!--DOCUMENT DOWNLOAD BLOCK-->\n        <div class=\"c-document-download-block\">\n            <a href=\"https:\/\/www.predsjednik.hr\/wp-content\/uploads\/2021\/02\/Biljeske-uz-Izvjestaj-o-prihodima-i-rashodimaprimicima-i-izdacima-za-razdoblje-I-XII-mjesec-2020.-godine.docx\" class=\"c-document-download-block__link u-b0\" data-no-swup>\n\t\t\t\t Bilje\u0161ke uz Izvje\u0161taj o prihodima i rashodima,primicima i izdacima za razdoblje I-XII mjesec 2020. godine            <\/a>\n\n            <div class=\"c-document-download-block__meta u-b4\">\n                <span class=\"c-document-download-block__type u-capitalize\">vnd.openxmlformats-officedocument.wordprocessingml.document<\/span>\n                <span class=\"c-document-download-block__size\">23.91 Kb<\/span>\n            <\/div>\n\n        <\/div>\n        <!--end DOCUMENT DOWNLOAD BLOCK-->\n\t        <!--DOCUMENT DOWNLOAD BLOCK-->\n        <div class=\"c-document-download-block\">\n            <a href=\"https:\/\/www.predsjednik.hr\/wp-content\/uploads\/2021\/02\/Biljeske-uz-Bilancu-za-razdoblje-1.1.-31.12.2020.-godine-1.docx\" class=\"c-document-download-block__link u-b0\" data-no-swup>\n\t\t\t\t Biljeske-uz-Bilancu-za-razdoblje-1.1.-31.12.2020.-godine            <\/a>\n\n            <div class=\"c-document-download-block__meta u-b4\">\n                <span class=\"c-document-download-block__type u-capitalize\">vnd.openxmlformats-officedocument.wordprocessingml.document<\/span>\n                <span class=\"c-document-download-block__size\">15.14 Kb<\/span>\n            <\/div>\n\n        <\/div>\n        <!--end DOCUMENT DOWNLOAD BLOCK-->\n\t        <!--DOCUMENT DOWNLOAD BLOCK-->\n        <div class=\"c-document-download-block\">\n            <a href=\"https:\/\/www.predsjednik.hr\/wp-content\/uploads\/2021\/01\/Eticki-kodeks-drzavnih-sluzbenika.pdf\" class=\"c-document-download-block__link u-b0\" data-no-swup>\n\t\t\t\tEti\u010dki kodeks dr\u017eavnih slu\u017ebenika            <\/a>\n\n            <div class=\"c-document-download-block__meta u-b4\">\n                <span class=\"c-document-download-block__type u-capitalize\">pdf<\/span>\n                <span class=\"c-document-download-block__size\">73.52 Kb<\/span>\n            <\/div>\n\n        <\/div>\n        <!--end DOCUMENT DOWNLOAD BLOCK-->\n\t        <!--DOCUMENT DOWNLOAD BLOCK-->\n        <div class=\"c-document-download-block\">\n            <a href=\"https:\/\/www.predsjednik.hr\/wp-content\/uploads\/2021\/01\/Povjerljiva-savjetnica-u-Uredu-predsjednika-RH.pdf\" class=\"c-document-download-block__link u-b0\" data-no-swup>\n\t\t\t\tPovjerljiva savjetnica u Uredu predsjednika RH            <\/a>\n\n            <div class=\"c-document-download-block__meta u-b4\">\n                <span class=\"c-document-download-block__type u-capitalize\">pdf<\/span>\n                <span class=\"c-document-download-block__size\">289.42 Kb<\/span>\n            <\/div>\n\n        <\/div>\n        <!--end DOCUMENT DOWNLOAD BLOCK-->\n\t        <!--DOCUMENT DOWNLOAD BLOCK-->\n        <div class=\"c-document-download-block\">\n            <a href=\"https:\/\/www.predsjednik.hr\/wp-content\/uploads\/2021\/01\/Povjerenica-za-etiku-u-Uredu-predsjednika-RH.pdf\" class=\"c-document-download-block__link u-b0\" data-no-swup>\n\t\t\t\t Povjerenica za etiku u Uredu predsjednika RH            <\/a>\n\n            <div class=\"c-document-download-block__meta u-b4\">\n                <span class=\"c-document-download-block__type u-capitalize\">pdf<\/span>\n                <span class=\"c-document-download-block__size\">277.54 Kb<\/span>\n            <\/div>\n\n        <\/div>\n        <!--end DOCUMENT DOWNLOAD BLOCK-->\n\t        <!--DOCUMENT DOWNLOAD BLOCK-->\n        <div class=\"c-document-download-block\">\n            <a href=\"https:\/\/www.predsjednik.hr\/wp-content\/uploads\/2021\/01\/Konacni-plan-2020.pdf\" class=\"c-document-download-block__link u-b0\" data-no-swup>\n\t\t\t\tKona\u010dni financijski plan Ureda predsjednika Republike Hrvatske za 2020.            <\/a>\n\n            <div class=\"c-document-download-block__meta u-b4\">\n                <span class=\"c-document-download-block__type u-capitalize\">pdf<\/span>\n                <span class=\"c-document-download-block__size\">300.26 Kb<\/span>\n            <\/div>\n\n        <\/div>\n        <!--end DOCUMENT DOWNLOAD BLOCK-->\n\t\n\n        <!--DOCUMENT DOWNLOAD BLOCK-->\n        <div class=\"c-document-download-block\">\n            <a href=\"https:\/\/www.predsjednik.hr\/wp-content\/uploads\/2020\/12\/Financijski-plan-Ureda-predsjednika-Republike-Hrvatske-za-2021..xlsx\" class=\"c-document-download-block__link u-b0\" data-no-swup>\n\t\t\t\tFinancijski plan Ureda predsjednika Republike Hrvatske za 2021. godinu            <\/a>\n\n            <div class=\"c-document-download-block__meta u-b4\">\n                <span class=\"c-document-download-block__type u-capitalize\">vnd.openxmlformats-officedocument.spreadsheetml.sheet<\/span>\n                <span class=\"c-document-download-block__size\">14.42 Kb<\/span>\n            <\/div>\n\n        <\/div>\n        <!--end DOCUMENT DOWNLOAD BLOCK-->\n\t\n\n        <!--DOCUMENT DOWNLOAD BLOCK-->\n        <div class=\"c-document-download-block\">\n            <a href=\"https:\/\/www.predsjednik.hr\/wp-content\/uploads\/2020\/11\/Financijski-plan-Ureda-predsjednika-Republike-Hrvatske-za2020.-godinu-\u2013-nakon-2.-rebalansa.xls\" class=\"c-document-download-block__link u-b0\" data-no-swup>\n\t\t\t\tFinancijski plan Ureda predsjednika Republike Hrvatske za 2020. godinu \u2013 nakon 2. rebalansa            <\/a>\n\n            <div class=\"c-document-download-block__meta u-b4\">\n                <span class=\"c-document-download-block__type u-capitalize\">vnd.ms-excel<\/span>\n                <span class=\"c-document-download-block__size\">43.00 Kb<\/span>\n            <\/div>\n\n        <\/div>\n        <!--end DOCUMENT DOWNLOAD BLOCK-->\n\t\n\n        <!--DOCUMENT DOWNLOAD BLOCK-->\n        <div class=\"c-document-download-block\">\n            <a href=\"https:\/\/www.predsjednik.hr\/wp-content\/uploads\/2020\/08\/Pravilnik-o-izmjeni-Pravilnika-o-provedbi-postupaka-jednostavne-nabave.pdf\" class=\"c-document-download-block__link u-b0\" data-no-swup>\n\t\t\t\tPravilnik o izmjeni Pravilnika o provedbi postupaka jednostavne nabave            <\/a>\n\n            <div class=\"c-document-download-block__meta u-b4\">\n                <span class=\"c-document-download-block__type u-capitalize\">pdf<\/span>\n                <span class=\"c-document-download-block__size\">268.37 Kb<\/span>\n            <\/div>\n\n        <\/div>\n        <!--end DOCUMENT DOWNLOAD BLOCK-->\n\t\n\n        <!--DOCUMENT DOWNLOAD BLOCK-->\n        <div class=\"c-document-download-block\">\n            <a href=\"https:\/\/www.predsjednik.hr\/wp-content\/uploads\/2020\/07\/Protokol-o-postupanju-s-gra\u0111anima.pdf\" class=\"c-document-download-block__link u-b0\" data-no-swup>\n\t\t\t\tProtokol o postupanju po pismima gra\u0111ana PRH            <\/a>\n\n            <div class=\"c-document-download-block__meta u-b4\">\n                <span class=\"c-document-download-block__type u-capitalize\">pdf<\/span>\n                <span class=\"c-document-download-block__size\">264.30 Kb<\/span>\n            <\/div>\n\n        <\/div>\n        <!--end DOCUMENT DOWNLOAD BLOCK-->\n\t\n\n        <!--DOCUMENT DOWNLOAD BLOCK-->\n        <div class=\"c-document-download-block\">\n            <a href=\"https:\/\/www.predsjednik.hr\/wp-content\/uploads\/2020\/07\/PRAVILNIK-O-PROVEDBI-POSTUPAKA-JEDNOSTAVNE-NABAVE-2020.pdf\" class=\"c-document-download-block__link u-b0\" data-no-swup>\n\t\t\t\tPravilnik o provedbi postupaka jednostavne nabave 2020            <\/a>\n\n            <div class=\"c-document-download-block__meta u-b4\">\n                <span class=\"c-document-download-block__type u-capitalize\">pdf<\/span>\n                <span class=\"c-document-download-block__size\">368.25 Kb<\/span>\n            <\/div>\n\n        <\/div>\n        <!--end DOCUMENT DOWNLOAD BLOCK-->\n\t\n\n        <!--DOCUMENT DOWNLOAD BLOCK-->\n        <div class=\"c-document-download-block\">\n            <a href=\"https:\/\/www.predsjednik.hr\/wp-content\/uploads\/2020\/06\/Prora\u010dun-Ureda-PRH-nakon-prenamjene.pdf\" class=\"c-document-download-block__link u-b0\" data-no-swup>\n\t\t\t\tProra\u010dun Ureda PRH 2020. nakon prenamjene            <\/a>\n\n            <div class=\"c-document-download-block__meta u-b4\">\n                <span class=\"c-document-download-block__type u-capitalize\">pdf<\/span>\n                <span class=\"c-document-download-block__size\">285.72 Kb<\/span>\n            <\/div>\n\n        <\/div>\n        <!--end DOCUMENT DOWNLOAD BLOCK-->\n\t\n\n        <!--DOCUMENT DOWNLOAD BLOCK-->\n        <div class=\"c-document-download-block\">\n            <a href=\"https:\/\/www.predsjednik.hr\/wp-content\/uploads\/2020\/05\/imenovanje-povjerljive-osobe.pdf\" class=\"c-document-download-block__link u-b0\" data-no-swup>\n\t\t\t\tPovjerljiva osoba u Uredu PRH             <\/a>\n\n            <div class=\"c-document-download-block__meta u-b4\">\n                <span class=\"c-document-download-block__type u-capitalize\">pdf<\/span>\n                <span class=\"c-document-download-block__size\">291.32 Kb<\/span>\n            <\/div>\n\n        <\/div>\n        <!--end DOCUMENT DOWNLOAD BLOCK-->\n\t        <!--DOCUMENT DOWNLOAD BLOCK-->\n        <div class=\"c-document-download-block\">\n            <a href=\"https:\/\/www.predsjednik.hr\/wp-content\/uploads\/2020\/05\/imenovanje-zamjenika-povjerljive-osobe.pdf\" class=\"c-document-download-block__link u-b0\" data-no-swup>\n\t\t\t\tZamjenik povjerljive osobe u Uredu PRH             <\/a>\n\n            <div class=\"c-document-download-block__meta u-b4\">\n                <span class=\"c-document-download-block__type u-capitalize\">pdf<\/span>\n                <span class=\"c-document-download-block__size\">271.75 Kb<\/span>\n            <\/div>\n\n        <\/div>\n        <!--end DOCUMENT DOWNLOAD BLOCK-->\n\t        <!--DOCUMENT DOWNLOAD BLOCK-->\n        <div class=\"c-document-download-block\">\n            <a href=\"https:\/\/www.predsjednik.hr\/wp-content\/uploads\/2020\/05\/FP-2020.-g.-nakon-rebalansa-corona-za-WEB-.pdf\" class=\"c-document-download-block__link u-b0\" data-no-swup>\n\t\t\t\tFinancijski plan Ureda PRH za 2020. godinu nakon rebalansa             <\/a>\n\n            <div class=\"c-document-download-block__meta u-b4\">\n                <span class=\"c-document-download-block__type u-capitalize\">pdf<\/span>\n                <span class=\"c-document-download-block__size\">279.59 Kb<\/span>\n            <\/div>\n\n        <\/div>\n        <!--end DOCUMENT DOWNLOAD BLOCK-->\n\t        <!--DOCUMENT DOWNLOAD BLOCK-->\n        <div class=\"c-document-download-block\">\n            <a href=\"https:\/\/www.predsjednik.hr\/wp-content\/uploads\/2020\/03\/POZIV-NA-RAZGOVOR-INTERVJU.pdf\" class=\"c-document-download-block__link u-b0\" data-no-swup>\n\t\t\t\tPoziv na razgovor (Intervju)             <\/a>\n\n            <div class=\"c-document-download-block__meta u-b4\">\n                <span class=\"c-document-download-block__type u-capitalize\">pdf<\/span>\n                <span class=\"c-document-download-block__size\">287.69 Kb<\/span>\n            <\/div>\n\n        <\/div>\n        <!--end DOCUMENT DOWNLOAD BLOCK-->\n\t        <!--DOCUMENT DOWNLOAD BLOCK-->\n        <div class=\"c-document-download-block\">\n            <a href=\"https:\/\/www.predsjednik.hr\/wp-content\/uploads\/2020\/03\/OGLAS.pdf\" class=\"c-document-download-block__link u-b0\" data-no-swup>\n\t\t\t\tOglas za imenovanje osobe za obavljanje poslova podr\u0161ke u Kabinetu Predsjednika Republike na odre\u0111eno vrijeme            <\/a>\n\n            <div class=\"c-document-download-block__meta u-b4\">\n                <span class=\"c-document-download-block__type u-capitalize\">pdf<\/span>\n                <span class=\"c-document-download-block__size\">1.03 Mb<\/span>\n            <\/div>\n\n        <\/div>\n        <!--end DOCUMENT DOWNLOAD BLOCK-->\n\t        <!--DOCUMENT DOWNLOAD BLOCK-->\n        <div class=\"c-document-download-block\">\n            <a href=\"https:\/\/www.predsjednik.hr\/wp-content\/uploads\/2020\/03\/PRIJAVA-NA-OGLAS.pdf\" class=\"c-document-download-block__link u-b0\" data-no-swup>\n\t\t\t\tObrazac za prijavu na Oglas za imenovanje osobe za obavljanje poslova podr\u0161ke u Kabinetu Predsjednika Republike na odre\u0111eno vrijeme            <\/a>\n\n            <div class=\"c-document-download-block__meta u-b4\">\n                <span class=\"c-document-download-block__type u-capitalize\">pdf<\/span>\n                <span class=\"c-document-download-block__size\">244.50 Kb<\/span>\n            <\/div>\n\n        <\/div>\n        <!--end DOCUMENT DOWNLOAD BLOCK-->\n\t        <!--DOCUMENT DOWNLOAD BLOCK-->\n        <div class=\"c-document-download-block\">\n            <a href=\"https:\/\/www.predsjednik.hr\/wp-content\/uploads\/2020\/02\/Proracun_ureda_2015-1.xls\" class=\"c-document-download-block__link u-b0\" data-no-swup>\n\t\t\t\tProra\u010dun ureda 2015.             <\/a>\n\n            <div class=\"c-document-download-block__meta u-b4\">\n                <span class=\"c-document-download-block__type u-capitalize\">vnd.ms-excel<\/span>\n                <span class=\"c-document-download-block__size\">29.00 Kb<\/span>\n            <\/div>\n\n        <\/div>\n        <!--end DOCUMENT DOWNLOAD BLOCK-->\n\t        <!--DOCUMENT DOWNLOAD BLOCK-->\n        <div class=\"c-document-download-block\">\n            <a href=\"https:\/\/www.predsjednik.hr\/wp-content\/uploads\/2020\/02\/Proracun_ureda_2015_web.pdf\" class=\"c-document-download-block__link u-b0\" data-no-swup>\n\t\t\t\tFinancijski plan i izvr\u0161enje Ureda PRH za 2015. godinu            <\/a>\n\n            <div class=\"c-document-download-block__meta u-b4\">\n                <span class=\"c-document-download-block__type u-capitalize\">pdf<\/span>\n                <span class=\"c-document-download-block__size\">334.31 Kb<\/span>\n            <\/div>\n\n        <\/div>\n        <!--end DOCUMENT DOWNLOAD BLOCK-->\n\t        <!--DOCUMENT DOWNLOAD BLOCK-->\n        <div class=\"c-document-download-block\">\n            <a href=\"https:\/\/www.predsjednik.hr\/wp-content\/uploads\/2020\/02\/Prorac\u030cun-2016..pdf\" class=\"c-document-download-block__link u-b0\" data-no-swup>\n\t\t\t\tProra\u010dun Ureda 2016.            <\/a>\n\n            <div class=\"c-document-download-block__meta u-b4\">\n                <span class=\"c-document-download-block__type u-capitalize\">pdf<\/span>\n                <span class=\"c-document-download-block__size\">266.18 Kb<\/span>\n            <\/div>\n\n        <\/div>\n        <!--end DOCUMENT DOWNLOAD BLOCK-->\n\t        <!--DOCUMENT DOWNLOAD BLOCK-->\n        <div class=\"c-document-download-block\">\n            <a href=\"https:\/\/www.predsjednik.hr\/wp-content\/uploads\/2020\/02\/Plan-nabave-2016.pdf\" class=\"c-document-download-block__link u-b0\" data-no-swup>\n\t\t\t\tPlan nabave Ureda predsjednice RH za 2016. godinu            <\/a>\n\n            <div class=\"c-document-download-block__meta u-b4\">\n                <span class=\"c-document-download-block__type u-capitalize\">pdf<\/span>\n                <span class=\"c-document-download-block__size\">3.88 Mb<\/span>\n            <\/div>\n\n        <\/div>\n        <!--end DOCUMENT DOWNLOAD BLOCK-->\n\t        <!--DOCUMENT DOWNLOAD BLOCK-->\n        <div class=\"c-document-download-block\">\n            <a href=\"https:\/\/www.predsjednik.hr\/wp-content\/uploads\/2020\/02\/1.-izmjena-i-dopuna-plana-nabave.pdf\" class=\"c-document-download-block__link u-b0\" data-no-swup>\n\t\t\t\tPlan nabave Ureda predsjednice RH za 2016. godinu &#8211; 1. izmjena i dopuna            <\/a>\n\n            <div class=\"c-document-download-block__meta u-b4\">\n                <span class=\"c-document-download-block__type u-capitalize\">pdf<\/span>\n                <span class=\"c-document-download-block__size\">1.68 Mb<\/span>\n            <\/div>\n\n        <\/div>\n        <!--end DOCUMENT DOWNLOAD BLOCK-->\n\t        <!--DOCUMENT DOWNLOAD BLOCK-->\n        <div class=\"c-document-download-block\">\n            <a href=\"https:\/\/www.predsjednik.hr\/wp-content\/uploads\/2020\/02\/Financijski-plan-UPRH.xls\" class=\"c-document-download-block__link u-b0\" data-no-swup>\n\t\t\t\tFinancijski plan Ureda predsjednice Republike Hrvatske za 2017. godinu            <\/a>\n\n            <div class=\"c-document-download-block__meta u-b4\">\n                <span class=\"c-document-download-block__type u-capitalize\">vnd.ms-excel<\/span>\n                <span class=\"c-document-download-block__size\">32.50 Kb<\/span>\n            <\/div>\n\n        <\/div>\n        <!--end DOCUMENT DOWNLOAD BLOCK-->\n\t        <!--DOCUMENT DOWNLOAD BLOCK-->\n        <div class=\"c-document-download-block\">\n            <a href=\"https:\/\/www.predsjednik.hr\/wp-content\/uploads\/2020\/02\/Izvrs\u030cenje-Ureda-predsjednice-za-2016.-godinu.xls\" class=\"c-document-download-block__link u-b0\" data-no-swup>\n\t\t\t\tIzvr\u0161enje Ureda predsjednice Republike Hrvatske za 2016. godinu            <\/a>\n\n            <div class=\"c-document-download-block__meta u-b4\">\n                <span class=\"c-document-download-block__type u-capitalize\">vnd.ms-excel<\/span>\n                <span class=\"c-document-download-block__size\">48.50 Kb<\/span>\n            <\/div>\n\n        <\/div>\n        <!--end DOCUMENT DOWNLOAD BLOCK-->\n\t        <!--DOCUMENT DOWNLOAD BLOCK-->\n        <div class=\"c-document-download-block\">\n            <a href=\"https:\/\/www.predsjednik.hr\/wp-content\/uploads\/2020\/02\/Plan-nabave-Ureda-PRH-za-2017..pdf\" class=\"c-document-download-block__link u-b0\" data-no-swup>\n\t\t\t\tPlan nabave Ureda predsjednice RH za 2017. godinu            <\/a>\n\n            <div class=\"c-document-download-block__meta u-b4\">\n                <span class=\"c-document-download-block__type u-capitalize\">pdf<\/span>\n                <span class=\"c-document-download-block__size\">3.36 Mb<\/span>\n            <\/div>\n\n        <\/div>\n        <!--end DOCUMENT DOWNLOAD BLOCK-->\n\t        <!--DOCUMENT DOWNLOAD BLOCK-->\n        <div class=\"c-document-download-block\">\n            <a href=\"https:\/\/www.predsjednik.hr\/wp-content\/uploads\/2020\/02\/pravilnik.pdf\" class=\"c-document-download-block__link u-b0\" data-no-swup>\n\t\t\t\tPravilnik o provedbi postupaka jednostavne nabave            <\/a>\n\n            <div class=\"c-document-download-block__meta u-b4\">\n                <span class=\"c-document-download-block__type u-capitalize\">pdf<\/span>\n                <span class=\"c-document-download-block__size\">3.31 Mb<\/span>\n            <\/div>\n\n        <\/div>\n        <!--end DOCUMENT DOWNLOAD BLOCK-->\n\t        <!--DOCUMENT DOWNLOAD BLOCK-->\n        <div class=\"c-document-download-block\">\n            <a href=\"https:\/\/www.predsjednik.hr\/wp-content\/uploads\/2020\/02\/Financijski-plan-Ureda-predsjednice-Republike-Hrvatske-za-2017.-nakon-rebalansa.xls\" class=\"c-document-download-block__link u-b0\" data-no-swup>\n\t\t\t\tFinancijski plan Ureda predsjednice Republike Hrvatske za 2017. &#8211; nakon rebalansa            <\/a>\n\n            <div class=\"c-document-download-block__meta u-b4\">\n                <span class=\"c-document-download-block__type u-capitalize\">vnd.ms-excel<\/span>\n                <span class=\"c-document-download-block__size\">32.50 Kb<\/span>\n            <\/div>\n\n        <\/div>\n        <!--end DOCUMENT DOWNLOAD BLOCK-->\n\t        <!--DOCUMENT DOWNLOAD BLOCK-->\n        <div class=\"c-document-download-block\">\n            <a href=\"https:\/\/www.predsjednik.hr\/wp-content\/uploads\/2020\/02\/1.-izmjene-plana-nabave-2017.pdf\" class=\"c-document-download-block__link u-b0\" data-no-swup>\n\t\t\t\tPlan nabave Ureda predsjednice RH za 2017. godinu &#8211; 1. izmjena i dopuna             <\/a>\n\n            <div class=\"c-document-download-block__meta u-b4\">\n                <span class=\"c-document-download-block__type u-capitalize\">pdf<\/span>\n                <span class=\"c-document-download-block__size\">1.98 Mb<\/span>\n            <\/div>\n\n        <\/div>\n        <!--end DOCUMENT DOWNLOAD BLOCK-->\n\t        <!--DOCUMENT DOWNLOAD BLOCK-->\n        <div class=\"c-document-download-block\">\n            <a href=\"https:\/\/www.predsjednik.hr\/wp-content\/uploads\/2020\/02\/Financijski-plan-UPRH-za-2018.-godinu.xls\" class=\"c-document-download-block__link u-b0\" data-no-swup>\n\t\t\t\tFinancijski plan Ureda predsjednice Republike Hrvatske za 2018. godinu             <\/a>\n\n            <div class=\"c-document-download-block__meta u-b4\">\n                <span class=\"c-document-download-block__type u-capitalize\">vnd.ms-excel<\/span>\n                <span class=\"c-document-download-block__size\">33.00 Kb<\/span>\n            <\/div>\n\n        <\/div>\n        <!--end DOCUMENT DOWNLOAD BLOCK-->\n\t        <!--DOCUMENT DOWNLOAD BLOCK-->\n        <div class=\"c-document-download-block\">\n            <a href=\"https:\/\/www.predsjednik.hr\/wp-content\/uploads\/2020\/02\/01505-URED-PREDSJEDNICE-RH-RAZINA-11.xls\" class=\"c-document-download-block__link u-b0\" data-no-swup>\n\t\t\t\tGodi\u0161nji financijski izvje\u0161taj za 2017. godinu            <\/a>\n\n            <div class=\"c-document-download-block__meta u-b4\">\n                <span class=\"c-document-download-block__type u-capitalize\">vnd.ms-excel<\/span>\n                <span class=\"c-document-download-block__size\">886.00 Kb<\/span>\n            <\/div>\n\n        <\/div>\n        <!--end DOCUMENT DOWNLOAD BLOCK-->\n\t        <!--DOCUMENT DOWNLOAD BLOCK-->\n        <div class=\"c-document-download-block\">\n            <a href=\"https:\/\/www.predsjednik.hr\/wp-content\/uploads\/2020\/02\/015-05-URED-PREDSJEDNICE-RH-BILJES\u030cKE-BILANCA.docx\" class=\"c-document-download-block__link u-b0\" data-no-swup>\n\t\t\t\tBilje\u0161ke uz Bilancu za razdoblje od 01.01.-31.12.2017. godine            <\/a>\n\n            <div class=\"c-document-download-block__meta u-b4\">\n                <span class=\"c-document-download-block__type u-capitalize\">vnd.openxmlformats-officedocument.wordprocessingml.document<\/span>\n                <span class=\"c-document-download-block__size\">16.35 Kb<\/span>\n            <\/div>\n\n        <\/div>\n        <!--end DOCUMENT DOWNLOAD BLOCK-->\n\t        <!--DOCUMENT DOWNLOAD BLOCK-->\n        <div class=\"c-document-download-block\">\n            <a href=\"https:\/\/www.predsjednik.hr\/wp-content\/uploads\/2020\/02\/URED-PREDSJEDNICE-RH-RAZINA-11-BILJES\u030cKE-PR-RAS.docx\" class=\"c-document-download-block__link u-b0\" data-no-swup>\n\t\t\t\tBilje\u0161ke uz Izvje\u0161taj o prihodima i rashodima, primicima i izdacima za razdoblje I \u2013 XII mjesec 2017. godine             <\/a>\n\n            <div class=\"c-document-download-block__meta u-b4\">\n                <span class=\"c-document-download-block__type u-capitalize\">vnd.openxmlformats-officedocument.wordprocessingml.document<\/span>\n                <span class=\"c-document-download-block__size\">18.59 Kb<\/span>\n            <\/div>\n\n        <\/div>\n        <!--end DOCUMENT DOWNLOAD BLOCK-->\n\t        <!--DOCUMENT DOWNLOAD BLOCK-->\n        <div class=\"c-document-download-block\">\n            <a href=\"https:\/\/www.predsjednik.hr\/wp-content\/uploads\/2020\/02\/015-05-izvrs\u030cenje-2017..xls\" class=\"c-document-download-block__link u-b0\" data-no-swup>\n\t\t\t\tIzvr\u0161enje Ureda predsjednice Republike Hrvatske za 2017. godinu            <\/a>\n\n            <div class=\"c-document-download-block__meta u-b4\">\n                <span class=\"c-document-download-block__type u-capitalize\">vnd.ms-excel<\/span>\n                <span class=\"c-document-download-block__size\">49.50 Kb<\/span>\n            <\/div>\n\n        <\/div>\n        <!--end DOCUMENT DOWNLOAD BLOCK-->\n\t        <!--DOCUMENT DOWNLOAD BLOCK-->\n        <div class=\"c-document-download-block\">\n            <a href=\"https:\/\/www.predsjednik.hr\/wp-content\/uploads\/2020\/02\/Registar-ugovora-o-javnoj-nabavi-i-okvirnih-sporazuma.pdf\" class=\"c-document-download-block__link u-b0\" data-no-swup>\n\t\t\t\tRegistar ugovora o javnoj nabavi i okvirnih sporazuma            <\/a>\n\n            <div class=\"c-document-download-block__meta u-b4\">\n                <span class=\"c-document-download-block__type u-capitalize\">pdf<\/span>\n                <span class=\"c-document-download-block__size\">673.78 Kb<\/span>\n            <\/div>\n\n        <\/div>\n        <!--end DOCUMENT DOWNLOAD BLOCK-->\n\t        <!--DOCUMENT DOWNLOAD BLOCK-->\n        <div class=\"c-document-download-block\">\n            <a href=\"https:\/\/www.predsjednik.hr\/wp-content\/uploads\/2020\/02\/Financijski-plan-UPRH-za-2019.-godinu.pdf\" class=\"c-document-download-block__link u-b0\" data-no-swup>\n\t\t\t\tFinancijski plan Ureda predsjednice Republike Hrvatske za 2019. godinu             <\/a>\n\n            <div class=\"c-document-download-block__meta u-b4\">\n                <span class=\"c-document-download-block__type u-capitalize\">pdf<\/span>\n                <span class=\"c-document-download-block__size\">420.22 Kb<\/span>\n            <\/div>\n\n        <\/div>\n        <!--end DOCUMENT DOWNLOAD BLOCK-->\n\t        <!--DOCUMENT DOWNLOAD BLOCK-->\n        <div class=\"c-document-download-block\">\n            <a href=\"https:\/\/www.predsjednik.hr\/wp-content\/uploads\/2020\/02\/IZVJES\u030cTAJI-PRORAC\u030cUNA-I-PRORAC\u030cUNSKIH-KORISNIKA-ZA-RAZDOBLJE-1.1.-31.12.2018.xls\" class=\"c-document-download-block__link u-b0\" data-no-swup>\n\t\t\t\tIzvje\u0161taji prora\u010duna i prora\u010dunskih korisnika za razdoblje 1.1.-31.12.2018.            <\/a>\n\n            <div class=\"c-document-download-block__meta u-b4\">\n                <span class=\"c-document-download-block__type u-capitalize\">vnd.ms-excel<\/span>\n                <span class=\"c-document-download-block__size\">1.28 Mb<\/span>\n            <\/div>\n\n        <\/div>\n        <!--end DOCUMENT DOWNLOAD BLOCK-->\n\t        <!--DOCUMENT DOWNLOAD BLOCK-->\n        <div class=\"c-document-download-block\">\n            <a href=\"https:\/\/www.predsjednik.hr\/wp-content\/uploads\/2020\/02\/BILJES\u030cKE-PR-RAS-RAZINA-11.docx\" class=\"c-document-download-block__link u-b0\" data-no-swup>\n\t\t\t\tBilje\u0161ke PR-RAS razina 11             <\/a>\n\n            <div class=\"c-document-download-block__meta u-b4\">\n                <span class=\"c-document-download-block__type u-capitalize\">vnd.openxmlformats-officedocument.wordprocessingml.document<\/span>\n                <span class=\"c-document-download-block__size\">25.98 Kb<\/span>\n            <\/div>\n\n        <\/div>\n        <!--end DOCUMENT DOWNLOAD BLOCK-->\n\t        <!--DOCUMENT DOWNLOAD BLOCK-->\n        <div class=\"c-document-download-block\">\n            <a href=\"https:\/\/www.predsjednik.hr\/wp-content\/uploads\/2020\/02\/BILJES\u030cKE-PR-RAS-RAZINA-12.docx\" class=\"c-document-download-block__link u-b0\" data-no-swup>\n\t\t\t\tBilje\u0161ke PR-RAS razina 12            <\/a>\n\n            <div class=\"c-document-download-block__meta u-b4\">\n                <span class=\"c-document-download-block__type u-capitalize\">vnd.openxmlformats-officedocument.wordprocessingml.document<\/span>\n                <span class=\"c-document-download-block__size\">25.99 Kb<\/span>\n            <\/div>\n\n        <\/div>\n        <!--end DOCUMENT DOWNLOAD BLOCK-->\n\t        <!--DOCUMENT DOWNLOAD BLOCK-->\n        <div class=\"c-document-download-block\">\n            <a href=\"https:\/\/www.predsjednik.hr\/wp-content\/uploads\/2020\/02\/BILJES\u030cKE-P-VRIO.docx\" class=\"c-document-download-block__link u-b0\" data-no-swup>\n\t\t\t\tBilje\u0161ke P-VRIO            <\/a>\n\n            <div class=\"c-document-download-block__meta u-b4\">\n                <span class=\"c-document-download-block__type u-capitalize\">vnd.openxmlformats-officedocument.wordprocessingml.document<\/span>\n                <span class=\"c-document-download-block__size\">14.85 Kb<\/span>\n            <\/div>\n\n        <\/div>\n        <!--end DOCUMENT DOWNLOAD BLOCK-->\n\t        <!--DOCUMENT DOWNLOAD BLOCK-->\n        <div class=\"c-document-download-block\">\n            <a href=\"https:\/\/www.predsjednik.hr\/wp-content\/uploads\/2020\/02\/BILJES\u030cKE-BILANCA-RAZINA-11.docx\" class=\"c-document-download-block__link u-b0\" data-no-swup>\n\t\t\t\tBilje\u0161ke BILANCA razina 11             <\/a>\n\n            <div class=\"c-document-download-block__meta u-b4\">\n                <span class=\"c-document-download-block__type u-capitalize\">vnd.openxmlformats-officedocument.wordprocessingml.document<\/span>\n                <span class=\"c-document-download-block__size\">16.66 Kb<\/span>\n            <\/div>\n\n        <\/div>\n        <!--end DOCUMENT DOWNLOAD BLOCK-->\n\t        <!--DOCUMENT DOWNLOAD BLOCK-->\n        <div class=\"c-document-download-block\">\n            <a href=\"https:\/\/www.predsjednik.hr\/wp-content\/uploads\/2020\/02\/BILJES\u030cKE-BILANCA-RAZINA-12.docx\" class=\"c-document-download-block__link u-b0\" data-no-swup>\n\t\t\t\tBilje\u0161ke BILANCA razina 12            <\/a>\n\n            <div class=\"c-document-download-block__meta u-b4\">\n                <span class=\"c-document-download-block__type u-capitalize\">vnd.openxmlformats-officedocument.wordprocessingml.document<\/span>\n                <span class=\"c-document-download-block__size\">16.67 Kb<\/span>\n            <\/div>\n\n        <\/div>\n        <!--end DOCUMENT DOWNLOAD BLOCK-->\n\t        <!--DOCUMENT DOWNLOAD BLOCK-->\n        <div class=\"c-document-download-block\">\n            <a href=\"https:\/\/www.predsjednik.hr\/wp-content\/uploads\/2020\/02\/015-05-Izvrs\u030cenje.xls\" class=\"c-document-download-block__link u-b0\" data-no-swup>\n\t\t\t\tIzvr\u0161enje Ureda predsjednice RH za 2018.             <\/a>\n\n            <div class=\"c-document-download-block__meta u-b4\">\n                <span class=\"c-document-download-block__type u-capitalize\">vnd.ms-excel<\/span>\n                <span class=\"c-document-download-block__size\">42.00 Kb<\/span>\n            <\/div>\n\n        <\/div>\n        <!--end DOCUMENT DOWNLOAD BLOCK-->\n\t        <!--DOCUMENT DOWNLOAD BLOCK-->\n        <div class=\"c-document-download-block\">\n            <a href=\"https:\/\/www.predsjednik.hr\/wp-content\/uploads\/2020\/02\/Rebalans-2019.xls\" class=\"c-document-download-block__link u-b0\" data-no-swup>\n\t\t\t\tFinancijski plan Ureda predsjednice Republike Hrvatske za 2019. godinu \u2013 nakon rebalansa.            <\/a>\n\n            <div class=\"c-document-download-block__meta u-b4\">\n                <span class=\"c-document-download-block__type u-capitalize\">vnd.ms-excel<\/span>\n                <span class=\"c-document-download-block__size\">36.00 Kb<\/span>\n            <\/div>\n\n        <\/div>\n        <!--end DOCUMENT DOWNLOAD BLOCK-->\n\t        <!--DOCUMENT DOWNLOAD BLOCK-->\n        <div class=\"c-document-download-block\">\n            <a href=\"https:\/\/www.predsjednik.hr\/wp-content\/uploads\/2020\/02\/prorac\u030cun-2020-2022-za-WEB.pdf\" class=\"c-document-download-block__link u-b0\" data-no-swup>\n\t\t\t\tFINANCIJSKI PLAN UREDA PREDSJEDNICE REPUBLIKE HRVATSKE ZA 2020. GODINU            <\/a>\n\n            <div class=\"c-document-download-block__meta u-b4\">\n                <span class=\"c-document-download-block__type u-capitalize\">pdf<\/span>\n                <span class=\"c-document-download-block__size\">108.70 Kb<\/span>\n            <\/div>\n\n        <\/div>\n        <!--end DOCUMENT DOWNLOAD BLOCK-->\n\t        <!--DOCUMENT DOWNLOAD BLOCK-->\n        <div class=\"c-document-download-block\">\n            <a href=\"https:\/\/www.predsjednik.hr\/wp-content\/uploads\/2020\/02\/Izvrsenje_UPRH_za_2019.pdf\" class=\"c-document-download-block__link u-b0\" data-no-swup>\n\t\t\t\tIzvr\u0161enje Ureda predsjednice Republike Hrvatske za 2019.             <\/a>\n\n            <div class=\"c-document-download-block__meta u-b4\">\n                <span class=\"c-document-download-block__type u-capitalize\">pdf<\/span>\n                <span class=\"c-document-download-block__size\">197.19 Kb<\/span>\n            <\/div>\n\n        <\/div>\n        <!--end DOCUMENT DOWNLOAD BLOCK-->\n\t        <!--DOCUMENT DOWNLOAD BLOCK-->\n        <div class=\"c-document-download-block\">\n            <a href=\"https:\/\/www.predsjednik.hr\/wp-content\/uploads\/2020\/02\/Izvjes\u030ctaji-prorac\u030cuna-prorac\u030cunskih-i-izvanprorac\u030cunskih-korisnika-2019.xls\" class=\"c-document-download-block__link u-b0\" data-no-swup>\n\t\t\t\tIzvje\u0161taji prora\u010duna, prora\u010dunskih i izvanprora\u010dunskih korisnika za razdoblje: 1. sije\u010danj 2019. &#8211; 31. prosinac 2019.            <\/a>\n\n            <div class=\"c-document-download-block__meta u-b4\">\n                <span class=\"c-document-download-block__type u-capitalize\">vnd.ms-excel<\/span>\n                <span class=\"c-document-download-block__size\">1.26 Mb<\/span>\n            <\/div>\n\n        <\/div>\n        <!--end DOCUMENT DOWNLOAD BLOCK-->\n\t        <!--DOCUMENT DOWNLOAD BLOCK-->\n        <div class=\"c-document-download-block\">\n            <a href=\"https:\/\/www.predsjednik.hr\/wp-content\/uploads\/2020\/02\/015-05-Ured-predsjednice-RH-biljes\u030cke-PR-RAS.docx\" class=\"c-document-download-block__link u-b0\" data-no-swup>\n\t\t\t\tBilje\u0161ke uz Izvje\u0161taj o prihodima i rashodima, primicima i izdacima za razdoblje I &#8211; XII mjesec 2019. godine Razina 11             <\/a>\n\n            <div class=\"c-document-download-block__meta u-b4\">\n                <span class=\"c-document-download-block__type u-capitalize\">vnd.openxmlformats-officedocument.wordprocessingml.document<\/span>\n                <span class=\"c-document-download-block__size\">31.90 Kb<\/span>\n            <\/div>\n\n        <\/div>\n        <!--end DOCUMENT DOWNLOAD BLOCK-->\n\t        <!--DOCUMENT DOWNLOAD BLOCK-->\n        <div class=\"c-document-download-block\">\n            <a href=\"https:\/\/www.predsjednik.hr\/wp-content\/uploads\/2020\/02\/015-05-Ured-predsjednice-RH-Konsolidirano-biljes\u030cke-PR-RAS.docx\" class=\"c-document-download-block__link u-b0\" data-no-swup>\n\t\t\t\tBilje\u0161ke uz izvje\u0161taj o prihodima i rashodima, primicima i izdacima za razdoblje I &#8211; XII mjesec 2019. godine Razina 12            <\/a>\n\n            <div class=\"c-document-download-block__meta u-b4\">\n                <span class=\"c-document-download-block__type u-capitalize\">vnd.openxmlformats-officedocument.wordprocessingml.document<\/span>\n                <span class=\"c-document-download-block__size\">31.88 Kb<\/span>\n            <\/div>\n\n        <\/div>\n        <!--end DOCUMENT DOWNLOAD BLOCK-->\n\t        <!--DOCUMENT DOWNLOAD BLOCK-->\n        <div class=\"c-document-download-block\">\n            <a href=\"https:\/\/www.predsjednik.hr\/wp-content\/uploads\/2020\/02\/015-05-Ured-predsjednice-RH-biljes\u030cke-Bilanca.docx\" class=\"c-document-download-block__link u-b0\" data-no-swup>\n\t\t\t\tBilje\u0161ke uz Bilancu za razdoblje od 01.01. &#8211; 31.12.2019. godine Razina 11             <\/a>\n\n            <div class=\"c-document-download-block__meta u-b4\">\n                <span class=\"c-document-download-block__type u-capitalize\">vnd.openxmlformats-officedocument.wordprocessingml.document<\/span>\n                <span class=\"c-document-download-block__size\">16.59 Kb<\/span>\n            <\/div>\n\n        <\/div>\n        <!--end DOCUMENT DOWNLOAD BLOCK-->\n\t        <!--DOCUMENT DOWNLOAD BLOCK-->\n        <div class=\"c-document-download-block\">\n            <a href=\"https:\/\/www.predsjednik.hr\/wp-content\/uploads\/2020\/02\/015-05-Ured-predsjednice-RH-Konsolidirano-biljes\u030cke-Bilanca.docx\" class=\"c-document-download-block__link u-b0\" data-no-swup>\n\t\t\t\tBilje\u0161ke uz Bilancu za razdoblje od 01.01. &#8211; 31.12.2019. godine Razina 12             <\/a>\n\n            <div class=\"c-document-download-block__meta u-b4\">\n                <span class=\"c-document-download-block__type u-capitalize\">vnd.openxmlformats-officedocument.wordprocessingml.document<\/span>\n                <span class=\"c-document-download-block__size\">16.60 Kb<\/span>\n            <\/div>\n\n        <\/div>\n        <!--end DOCUMENT DOWNLOAD BLOCK-->\n\t        <!--DOCUMENT DOWNLOAD BLOCK-->\n        <div class=\"c-document-download-block\">\n            <a href=\"https:\/\/www.predsjednik.hr\/wp-content\/uploads\/2020\/02\/Plan-nabave-za-2019.-godinu.pdf\" class=\"c-document-download-block__link u-b0\" data-no-swup>\n\t\t\t\tPlan nabave Ureda predsjednice RH za 2019. godinu             <\/a>\n\n            <div class=\"c-document-download-block__meta u-b4\">\n                <span class=\"c-document-download-block__type u-capitalize\">pdf<\/span>\n                <span class=\"c-document-download-block__size\">322.77 Kb<\/span>\n            <\/div>\n\n        <\/div>\n        <!--end DOCUMENT DOWNLOAD BLOCK-->\n\t        <!--DOCUMENT DOWNLOAD BLOCK-->\n        <div class=\"c-document-download-block\">\n            <a href=\"https:\/\/www.predsjednik.hr\/wp-content\/uploads\/2020\/02\/Registar-ugovora-i-okvirnih-sporazuma-2019.pdf\" class=\"c-document-download-block__link u-b0\" data-no-swup>\n\t\t\t\tRegistar ugovora i okvirnih sporazuma Ureda predsjednice RH za 2019.            <\/a>\n\n            <div class=\"c-document-download-block__meta u-b4\">\n                <span class=\"c-document-download-block__type u-capitalize\">pdf<\/span>\n                <span class=\"c-document-download-block__size\">404.64 Kb<\/span>\n            <\/div>\n\n        <\/div>\n        <!--end DOCUMENT DOWNLOAD BLOCK-->\n\t        <!--DOCUMENT DOWNLOAD BLOCK-->\n        <div class=\"c-document-download-block\">\n            <a href=\"https:\/\/www.predsjednik.hr\/wp-content\/uploads\/2020\/02\/Plan-nabave-za-2020.-godinu.pdf\" class=\"c-document-download-block__link u-b0\" data-no-swup>\n\t\t\t\tPlan nabave Ureda PRH za 2020. godinu            <\/a>\n\n            <div class=\"c-document-download-block__meta u-b4\">\n                <span class=\"c-document-download-block__type u-capitalize\">pdf<\/span>\n                <span class=\"c-document-download-block__size\">316.12 Kb<\/span>\n            <\/div>\n\n        <\/div>\n        <!--end DOCUMENT DOWNLOAD BLOCK-->\n\t        <!--DOCUMENT DOWNLOAD BLOCK-->\n        <div class=\"c-document-download-block\">\n            <a href=\"https:\/\/www.predsjednik.hr\/wp-content\/uploads\/2020\/03\/Obavijest-o-nepostojanju-sukoba-interesa.pdf\" class=\"c-document-download-block__link u-b0\" data-no-swup>\n\t\t\t\tObavijest o nepostojanju sukoba interesa             <\/a>\n\n            <div class=\"c-document-download-block__meta u-b4\">\n                <span class=\"c-document-download-block__type u-capitalize\">pdf<\/span>\n                <span class=\"c-document-download-block__size\">95.11 Kb<\/span>\n            <\/div>\n\n        <\/div>\n        <!--end DOCUMENT DOWNLOAD BLOCK-->\n\t","protected":false},"excerpt":{"rendered":"","protected":false},"author":1,"featured_media":0,"parent":2975,"menu_order":0,"comment_status":"closed","ping_status":"closed","template":"page-templates\/in-page.php","meta":{"_acf_changed":false,"footnotes":""},"class_list":["post-2993","page","type-page","status-publish","hentry"],"acf":[],"yoast_head":"<!-- This site is optimized with the Yoast SEO plugin v27.4 - https:\/\/yoast.com\/product\/yoast-seo-wordpress\/ -->\n<title>Documents and Budget of the Office of the President - President of the Republic of Croatia - Zoran Milanovi\u0107<\/title>\n<meta name=\"robots\" content=\"index, follow, max-snippet:-1, max-image-preview:large, max-video-preview:-1\" \/>\n<link rel=\"canonical\" href=\"https:\/\/www.predsjednik.hr\/en\/access-to-information\/documents\/\" \/>\n<meta property=\"og:locale\" content=\"en_US\" \/>\n<meta property=\"og:type\" content=\"article\" \/>\n<meta property=\"og:title\" content=\"Documents and Budget of the Office of the President - President of the Republic of Croatia - Zoran Milanovi\u0107\" \/>\n<meta property=\"og:url\" content=\"https:\/\/www.predsjednik.hr\/en\/access-to-information\/documents\/\" \/>\n<meta property=\"og:site_name\" content=\"President of the Republic of Croatia - Zoran Milanovi\u0107\" \/>\n<meta property=\"article:modified_time\" content=\"2023-02-16T12:25:19+00:00\" \/>\n<meta property=\"og:image\" content=\"https:\/\/www.predsjednik.hr\/wp-content\/uploads\/2021\/05\/share.jpg\" \/>\n\t<meta property=\"og:image:width\" content=\"1200\" \/>\n\t<meta property=\"og:image:height\" content=\"630\" \/>\n\t<meta property=\"og:image:type\" content=\"image\/jpeg\" \/>\n<meta name=\"twitter:card\" content=\"summary_large_image\" \/>\n<script type=\"application\/ld+json\" class=\"yoast-schema-graph\">{\"@context\":\"https:\\\/\\\/schema.org\",\"@graph\":[{\"@type\":\"WebPage\",\"@id\":\"https:\\\/\\\/www.predsjednik.hr\\\/en\\\/access-to-information\\\/documents\\\/\",\"url\":\"https:\\\/\\\/www.predsjednik.hr\\\/en\\\/access-to-information\\\/documents\\\/\",\"name\":\"Documents and Budget of the Office of the President - President of the Republic of Croatia - Zoran Milanovi\u0107\",\"isPartOf\":{\"@id\":\"https:\\\/\\\/www.predsjednik.hr\\\/en\\\/#website\"},\"datePublished\":\"2020-06-05T08:31:07+00:00\",\"dateModified\":\"2023-02-16T12:25:19+00:00\",\"breadcrumb\":{\"@id\":\"https:\\\/\\\/www.predsjednik.hr\\\/en\\\/access-to-information\\\/documents\\\/#breadcrumb\"},\"inLanguage\":\"en-US\",\"potentialAction\":[{\"@type\":\"ReadAction\",\"target\":[\"https:\\\/\\\/www.predsjednik.hr\\\/en\\\/access-to-information\\\/documents\\\/\"]}]},{\"@type\":\"BreadcrumbList\",\"@id\":\"https:\\\/\\\/www.predsjednik.hr\\\/en\\\/access-to-information\\\/documents\\\/#breadcrumb\",\"itemListElement\":[{\"@type\":\"ListItem\",\"position\":1,\"name\":\"Home\",\"item\":\"https:\\\/\\\/www.predsjednik.hr\\\/en\\\/\"},{\"@type\":\"ListItem\",\"position\":2,\"name\":\"Office of the President\",\"item\":\"https:\\\/\\\/www.predsjednik.hr\\\/en\\\/president-office\\\/\"},{\"@type\":\"ListItem\",\"position\":3,\"name\":\"Documents and Budget of the Office of the President\"}]},{\"@type\":\"WebSite\",\"@id\":\"https:\\\/\\\/www.predsjednik.hr\\\/en\\\/#website\",\"url\":\"https:\\\/\\\/www.predsjednik.hr\\\/en\\\/\",\"name\":\"President of the Republic of Croatia - Zoran Milanovi\u0107\",\"description\":\"Just another WordPress site\",\"potentialAction\":[{\"@type\":\"SearchAction\",\"target\":{\"@type\":\"EntryPoint\",\"urlTemplate\":\"https:\\\/\\\/www.predsjednik.hr\\\/en\\\/?s={search_term_string}\"},\"query-input\":{\"@type\":\"PropertyValueSpecification\",\"valueRequired\":true,\"valueName\":\"search_term_string\"}}],\"inLanguage\":\"en-US\"}]}<\/script>\n<!-- \/ Yoast SEO plugin. -->","yoast_head_json":{"title":"Documents and Budget of the Office of the President - President of the Republic of Croatia - Zoran Milanovi\u0107","robots":{"index":"index","follow":"follow","max-snippet":"max-snippet:-1","max-image-preview":"max-image-preview:large","max-video-preview":"max-video-preview:-1"},"canonical":"https:\/\/www.predsjednik.hr\/en\/access-to-information\/documents\/","og_locale":"en_US","og_type":"article","og_title":"Documents and Budget of the Office of the President - President of the Republic of Croatia - Zoran Milanovi\u0107","og_url":"https:\/\/www.predsjednik.hr\/en\/access-to-information\/documents\/","og_site_name":"President of the Republic of Croatia - Zoran Milanovi\u0107","article_modified_time":"2023-02-16T12:25:19+00:00","og_image":[{"width":1200,"height":630,"url":"https:\/\/www.predsjednik.hr\/wp-content\/uploads\/2021\/05\/share.jpg","type":"image\/jpeg"}],"twitter_card":"summary_large_image","schema":{"@context":"https:\/\/schema.org","@graph":[{"@type":"WebPage","@id":"https:\/\/www.predsjednik.hr\/en\/access-to-information\/documents\/","url":"https:\/\/www.predsjednik.hr\/en\/access-to-information\/documents\/","name":"Documents and Budget of the Office of the President - President of the Republic of Croatia - Zoran Milanovi\u0107","isPartOf":{"@id":"https:\/\/www.predsjednik.hr\/en\/#website"},"datePublished":"2020-06-05T08:31:07+00:00","dateModified":"2023-02-16T12:25:19+00:00","breadcrumb":{"@id":"https:\/\/www.predsjednik.hr\/en\/access-to-information\/documents\/#breadcrumb"},"inLanguage":"en-US","potentialAction":[{"@type":"ReadAction","target":["https:\/\/www.predsjednik.hr\/en\/access-to-information\/documents\/"]}]},{"@type":"BreadcrumbList","@id":"https:\/\/www.predsjednik.hr\/en\/access-to-information\/documents\/#breadcrumb","itemListElement":[{"@type":"ListItem","position":1,"name":"Home","item":"https:\/\/www.predsjednik.hr\/en\/"},{"@type":"ListItem","position":2,"name":"Office of the President","item":"https:\/\/www.predsjednik.hr\/en\/president-office\/"},{"@type":"ListItem","position":3,"name":"Documents and Budget of the Office of the President"}]},{"@type":"WebSite","@id":"https:\/\/www.predsjednik.hr\/en\/#website","url":"https:\/\/www.predsjednik.hr\/en\/","name":"President of the Republic of Croatia - Zoran Milanovi\u0107","description":"Just another WordPress site","potentialAction":[{"@type":"SearchAction","target":{"@type":"EntryPoint","urlTemplate":"https:\/\/www.predsjednik.hr\/en\/?s={search_term_string}"},"query-input":{"@type":"PropertyValueSpecification","valueRequired":true,"valueName":"search_term_string"}}],"inLanguage":"en-US"}]}},"_links":{"self":[{"href":"https:\/\/www.predsjednik.hr\/en\/wp-json\/wp\/v2\/pages\/2993","targetHints":{"allow":["GET"]}}],"collection":[{"href":"https:\/\/www.predsjednik.hr\/en\/wp-json\/wp\/v2\/pages"}],"about":[{"href":"https:\/\/www.predsjednik.hr\/en\/wp-json\/wp\/v2\/types\/page"}],"author":[{"embeddable":true,"href":"https:\/\/www.predsjednik.hr\/en\/wp-json\/wp\/v2\/users\/1"}],"replies":[{"embeddable":true,"href":"https:\/\/www.predsjednik.hr\/en\/wp-json\/wp\/v2\/comments?post=2993"}],"version-history":[{"count":24,"href":"https:\/\/www.predsjednik.hr\/en\/wp-json\/wp\/v2\/pages\/2993\/revisions"}],"predecessor-version":[{"id":21892,"href":"https:\/\/www.predsjednik.hr\/en\/wp-json\/wp\/v2\/pages\/2993\/revisions\/21892"}],"up":[{"embeddable":true,"href":"https:\/\/www.predsjednik.hr\/en\/wp-json\/wp\/v2\/pages\/2975"}],"wp:attachment":[{"href":"https:\/\/www.predsjednik.hr\/en\/wp-json\/wp\/v2\/media?parent=2993"}],"curies":[{"name":"wp","href":"https:\/\/api.w.org\/{rel}","templated":true}]}}