{"id":10869,"date":"2021-06-22T18:42:00","date_gmt":"2021-06-22T16:42:00","guid":{"rendered":"https:\/\/www.predsjednik.hr\/?post_type=statements&#038;p=10869"},"modified":"2021-06-29T11:43:59","modified_gmt":"2021-06-29T09:43:59","slug":"address-of-the-president-of-the-republic-zoran-milanovic-at-the-antifascist-struggle-day-commemoration-in-brezovica-memorial-park","status":"publish","type":"statements","link":"https:\/\/www.predsjednik.hr\/en\/speeches\/address-of-the-president-of-the-republic-zoran-milanovic-at-the-antifascist-struggle-day-commemoration-in-brezovica-memorial-park\/","title":{"rendered":"Address of the President of the Republic Zoran Milanovi\u0107 at the Antifascist Struggle Day commemoration in Brezovica Memorial Park"},"content":{"rendered":"\n<p>Dear friends, antifascists, dear Prime Minister, former Presidents or rather always presidents Mr. Mesi\u0107 and Mr. Josipovi\u0107, ladies and gentlemen,<\/p>\n\n\n\n<p>&#8220;The truth is deep water and shouldn&#8217;t offend anyone, but it can hurt. However, our truth has nothing painful, it\u2019s actually beautiful, difficult, bloody, but beautiful. So let\u2019s start with some truths that won\u2019t hurt or insult anyone because we owe it to the people who assembled eighty years ago, on 22<sup>nd<\/sup> June, not here but in \u017dabenska forest some ten kilometers away, the day the Soviet Union was attacked. Those seventy-seven Sisak communists, revolution fighters, fighters for a better order, fighters for a revolution and for changes that if they don\u2019t eat their children, they take a bite. Yes, all of them except Nada Dimi\u0107 were Croats, they felt as such. However, they were first and foremost communists fighting for a revolution, a Soviet Croatia, not for democracy, for something that collapsed after 1945, in a rupture of light and society, something the Prime Minister talked about.<\/p>\n\n\n\n<p>Second, Janko Bobetko, our famous Homeland War general was not here. His brothers Mijo and Dragan were, which doesn\u2019t mean that he wouldn\u2019t have been had he been able to, because on all accounts, he was here. And there were other people. There was Mika \u0160piljak, Marijan Cvetkovi\u0107, Vlado Janji\u0107 Capo, famous commander, all Croats if that is significant. But to always divide and stress who was a Croat, who was a Jew, makes no sense, they didn\u2019t think in those terms. They were people whose fate, constitution, impulses, can\u2019t actually be understood by us today. They were heroes, heroes of calibre,&nbsp;but they were rough people as well, adventurers who often crossed the line and committed an injustice.<\/p>\n\n\n\n<p>All&nbsp;of that is our history, our truth, it doesn&#8217;t offend, it shouldn&#8217;t even hurt. Today, I\u2019m not here, or the dozen times I\u2019ve come here as a citizen, as president of the SDP, as Prime Minister, to force my truth on anyone or give someone a task or send a message. I\u2019m here only to point out certain things that put Croatia where it belongs, not on a map. Croatia, Slovenia, Serbia, Bosnia and Herzegovina, Montenegro are present-day states, formerly members of a federation, prior to that part of a unitary kingdom, that have their day and with reason, with very good reason, the Antifascist Struggle Day, their day of uprising.<\/p>\n\n\n\n<p>This wasn\u2019t the first detachment in Europe, resistance movements existed in France and Czechoslovakia. In some states there was nothing, such as Belgium, Denmark, they waited for the end of the war, which is human and one can understand that. But here was a symbiosis of the antifascist struggle that occurred in \u017dabno, then here a month later, when they were surrounded by large Ustasha forces on 22<sup>nd<\/sup> July, after which they went to the Banija region to rise up in arms, together with our Serb brothers and sisters, to save humanity. This wasn\u2019t an easy task because all these Croatian commissars, communists \u2013 I didn\u2019t mention \u0160ibl, \u0160trok, Jo\u017ea Vlahovi\u0107, Mate Jerkovi\u0107 \u2013 are all national heroes, here or in the Kalnik detachment, they came to the people who suffered devastation or were killed as if someone went hunting without a licence for men, women, children, here, in the villages and towns of Banija and Kordun.<\/p>\n\n\n\n<p>The church in Glina was not the first, the massacre of 350 people in Prekopa occurred two months earlier. The number of civilians killed was shocking already in early June, whether someone doesn\u2019t like the numbers, or whether or not someone likes the Independent State of Croatia. Communist agitation, readiness, organizational skills on the one hand,&nbsp;while on the other the Croatian people who weren&#8217;t ready for an uprising, since they lived in the illusion that they gained some kind of state, which sold them for a pittance, and the Serbian people in Croatia, our brothers in arms in that war, unfortunately not so in the last war, but our brothers in arms in that war together with Croatian commissars carried that people&#8217;s uprising.<\/p>\n\n\n\n<p>In Dalmatia where I was yesterday, another communist resistance was organized from the ranks of young, militant communists, members of the Split football club. Detachments were formed, they were organized by people on the side, individuals whose names mean nothing today, and I don\u2019t see the need or the imperative to learn about that too much or force younger generations to learn those names: Pavle Pap \u0160iljo, a Jew from Zrenjanin, Mirko Kova\u010devi\u0107, Spanish fighter, he\u2019s a Serb, but was born in Russia. Therefore, they lived in a way that\u2019s inconceivable to us today, maybe it\u2019s better, because all the hatred and the fury that accumulated in the people at that time, in the nations and the citizens, are unimaginable.<\/p>\n\n\n\n<p>From today\u2019s perspective it is incomprehensible that in June 1941 the city of Sisak had seventy-seven communists who were willing to come to the \u017dabenska forest, then here, seventy-seven members of a secret terrorist organization according to the authorities went to prison and lost their lives just for being a member, after twenty years of persecution in a small city, town at that time, industrial city. Eighty people ready to do anything. The first two months they co-existed with the Ustasha authorities, a hot\/cold relationship, in which indeed the Ustasha didn\u2019t bother them because of the Hitler \u2013 Stalin Pact. There are all kinds of views on this pact, both right and wrong. That day when Hitler attacked the Soviet Union, it is important to say, the communist head was not worth a dime. And that is also one of the reasons of the communists\u2019 escape into the woods, into the \u017dabenska forest, and for a brief time here, after that to Banija and Kordun in that brilliant, credible, human and honest described methodology and scenario of Ivan \u0160ibl immortalized in Antun Vrdoljak\u2019s films, his best films \u201cU gori raste zelen bor\u201d, \u201cKad \u010duje\u0161 zvona\u201d, that is just plain art and Croatian heritage. And that\u2019s the truth and that truth doesn\u2019t hurt, and it offends even less, that\u2019s our truth.<\/p>\n\n\n\n<p>Croatia wasn&#8217;t just on the side of the winners, Croatia was on the side of the truth and good. To always stress that we were winners and not losers is a risky look on life and destiny. &nbsp;That means that we could have lost. Had the Axis won the war, would our resistance have been any less worthy or the resistance of the republicans in Spain, three years of civil war in which many of those who were in the Sisak forest and the great commanders of World War II and Ko\u010da Popovi\u0107 and Izidor \u0160trok toughened themselves? Would or does this fact that the war was won by monarchists with the assistance of Hitler and Mussolini, the struggle of international brigades on the Ebro River be less valuable, less dignified? Are they losers because of this? No, they\u2019re not. Those are brave people who sacrificed their lives, spent their youth to ultimately assemble in camps. Therefore, Croatia was not only on the winning side, that\u2019s a balance sheet, that\u2019s an accounting view on the world. Croatia was on the side of risk, danger and courage.<\/p>\n\n\n\n<p>And one more thing about the Croats in World War II. To go to war as a Croat in 1941 and 1942 was an act of incredible bravery and adventure, something that is difficult to describe in words, something that has no graphic form. Croats weren\u2019t persecuted in the way Serbs and Jews were. Two days from today\u2019s date, on 24<sup>th<\/sup> June, an internment camp was already established, an execution place in Jadovno, which was closed two months later, in which ten thousand people were killed, even if it\u2019s five thousand mainly Serbs, civilians, Jews. And after that the concentration camp was closed. What\u2019s odd about this? It took too much time for the uprising then. Those are incomprehensible things. What brains imagined these things? To be a Croat in such a situation and live in relative comfort in comparison with the Serbs and the Jews, and rise up in arms, here and especially in Croatian Dalmatia, all those detachments Split, Omi\u0161, Trogir, Sinj, all those brigades, that Ninth Division of Vicko Krstulovi\u0107 and other heroes. With the exception of the Dalmatian Corps in which there were fifty thousand fighters.<\/p>\n\n\n\n<p>Istria and the Croatian littoral weren\u2019t only liberated through a declaration or a written decision by ZAVNOH but by Croatian arms of Dalmatian partisans who entered Rijeka and Istria. Many of our grandfathers, maternal and paternal uncles, people who had everything to lose, who were Dalmatians, Croats, patriots, not antifascists at first but only freedom fighters. Not even communists, simply fighters for their native soil, to be allowed to learn the Croatian language in Split and in parts that were occupied by Italy that were sold and surrendered, not to be terrorized, not for their teachers such as \u0106iro Gamulin, beloved music teacher of the male \u201cRealschule\u201d (secondary school) in Split, to be beat up by the Italian blackshirt authorities because he was telling his pupils that the Italian occupation is temporary. Those are the heroes of our cities, those are the heroes of our hearts, they don\u2019t have streets named after them. Remember that name, \u0106iro Gamulin, wasn\u2019t a communist, he was a member of the Croatian nobility from Jelsa.<\/p>\n\n\n\n<p>Therefore, once again the truth shouldn\u2019t hurt, it cannot offend in any way. I\u2019m glad that we\u2019ve gathered here again on the eightieth anniversary. Croatia can be better, Croatia is an organized, stable state. Nevertheless, the whole state leadership is here and all the former presidents came here, I as Prime Minister came here, the ministers of this government came her, all these years someone has come here. Therefore, this was never an ugly duckling, but now it\u2019s perhaps more stressed, perhaps it shines in all its force and attractiveness. We will view history in different ways. There are people in Croatia, and not just a few, I think they\u2019re not the majority, but there are people who don\u2019t approve of Antifascist Struggle Day, who don\u2019t want to celebrate it. But that&#8217;s how it is in a political system. And our Constitution was written for one period in time, who knows what will happen in ten, twenty years\u2019 time. We also heard messages from the ruling party of that time that the Croatian constitution should be amended, it didn\u2019t pass. Therefore, the constitution is always the reflection of the will and the prevalence of the majority, a leadership, a nation, and a nation as a political community is actually boiling, seething and changing while we\u2019re talking here.<\/p>\n\n\n\n<p>Dear friends, dear residents of Sisak and all those who came here from faraway regions of our homeland, I won\u2019t quote anything special here, except that I will conclude with the words of Franjo Tu\u0111man when Vlado Janji\u0107 Capo died in 1991, two days after the massacre of our men in Borovo Selo. Tu\u0111man sent a telegram, which was published in history books, to the family of his late friend, his older comrade from Belgrade days, less from his Partisan days, and among others, he wrote that his way and his example are an example of national, human and political respect. Let us remember this respect. Thank you!<\/p>\n","protected":false},"excerpt":{"rendered":"<p>Address of the President of the Republic Zoran Milanovi\u0107 at the Antifascist Struggle Day commemoration in Brezovica Memorial Park<\/p>\n","protected":false},"featured_media":0,"template":"","class_list":["post-10869","statements","type-statements","status-publish","hentry"],"acf":[],"yoast_head":"<!-- This site is optimized with the Yoast SEO plugin v27.5 - https:\/\/yoast.com\/product\/yoast-seo-wordpress\/ -->\n<title>Address of the President of the Republic Zoran Milanovi\u0107 at the Antifascist Struggle Day commemoration in Brezovica Memorial Park - President of the Republic of Croatia - Zoran Milanovi\u0107<\/title>\n<meta name=\"robots\" content=\"index, follow, max-snippet:-1, max-image-preview:large, max-video-preview:-1\" \/>\n<link rel=\"canonical\" href=\"https:\/\/www.predsjednik.hr\/en\/speeches\/address-of-the-president-of-the-republic-zoran-milanovic-at-the-antifascist-struggle-day-commemoration-in-brezovica-memorial-park\/\" \/>\n<meta property=\"og:locale\" content=\"en_US\" \/>\n<meta property=\"og:type\" content=\"article\" \/>\n<meta property=\"og:title\" content=\"Address of the President of the Republic Zoran Milanovi\u0107 at the Antifascist Struggle Day commemoration in Brezovica Memorial Park - President of the Republic of Croatia - Zoran Milanovi\u0107\" \/>\n<meta property=\"og:description\" content=\"Address of the President of the Republic Zoran Milanovi\u0107 at the Antifascist Struggle Day commemoration in Brezovica Memorial Park\" \/>\n<meta property=\"og:url\" content=\"https:\/\/www.predsjednik.hr\/en\/speeches\/address-of-the-president-of-the-republic-zoran-milanovic-at-the-antifascist-struggle-day-commemoration-in-brezovica-memorial-park\/\" \/>\n<meta property=\"og:site_name\" content=\"President of the Republic of Croatia - Zoran Milanovi\u0107\" \/>\n<meta property=\"article:modified_time\" content=\"2021-06-29T09:43:59+00:00\" \/>\n<meta property=\"og:image\" content=\"https:\/\/www.predsjednik.hr\/wp-content\/uploads\/2021\/05\/share.jpg\" \/>\n\t<meta property=\"og:image:width\" content=\"1200\" \/>\n\t<meta property=\"og:image:height\" content=\"630\" \/>\n\t<meta property=\"og:image:type\" content=\"image\/jpeg\" \/>\n<meta name=\"twitter:card\" content=\"summary_large_image\" \/>\n<meta name=\"twitter:label1\" content=\"Est. reading time\" \/>\n\t<meta name=\"twitter:data1\" content=\"9 minutes\" \/>\n<script type=\"application\/ld+json\" class=\"yoast-schema-graph\">{\"@context\":\"https:\\\/\\\/schema.org\",\"@graph\":[{\"@type\":\"WebPage\",\"@id\":\"https:\\\/\\\/www.predsjednik.hr\\\/en\\\/speeches\\\/address-of-the-president-of-the-republic-zoran-milanovic-at-the-antifascist-struggle-day-commemoration-in-brezovica-memorial-park\\\/\",\"url\":\"https:\\\/\\\/www.predsjednik.hr\\\/en\\\/speeches\\\/address-of-the-president-of-the-republic-zoran-milanovic-at-the-antifascist-struggle-day-commemoration-in-brezovica-memorial-park\\\/\",\"name\":\"Address of the President of the Republic Zoran Milanovi\u0107 at the Antifascist Struggle Day commemoration in Brezovica Memorial Park - President of the Republic of Croatia - Zoran Milanovi\u0107\",\"isPartOf\":{\"@id\":\"https:\\\/\\\/www.predsjednik.hr\\\/en\\\/#website\"},\"datePublished\":\"2021-06-22T16:42:00+00:00\",\"dateModified\":\"2021-06-29T09:43:59+00:00\",\"breadcrumb\":{\"@id\":\"https:\\\/\\\/www.predsjednik.hr\\\/en\\\/speeches\\\/address-of-the-president-of-the-republic-zoran-milanovic-at-the-antifascist-struggle-day-commemoration-in-brezovica-memorial-park\\\/#breadcrumb\"},\"inLanguage\":\"en-US\",\"potentialAction\":[{\"@type\":\"ReadAction\",\"target\":[\"https:\\\/\\\/www.predsjednik.hr\\\/en\\\/speeches\\\/address-of-the-president-of-the-republic-zoran-milanovic-at-the-antifascist-struggle-day-commemoration-in-brezovica-memorial-park\\\/\"]}]},{\"@type\":\"BreadcrumbList\",\"@id\":\"https:\\\/\\\/www.predsjednik.hr\\\/en\\\/speeches\\\/address-of-the-president-of-the-republic-zoran-milanovic-at-the-antifascist-struggle-day-commemoration-in-brezovica-memorial-park\\\/#breadcrumb\",\"itemListElement\":[{\"@type\":\"ListItem\",\"position\":1,\"name\":\"Home\",\"item\":\"https:\\\/\\\/www.predsjednik.hr\\\/en\\\/\"},{\"@type\":\"ListItem\",\"position\":2,\"name\":\"Govori\",\"item\":\"https:\\\/\\\/www.predsjednik.hr\\\/en\\\/speeches\\\/\"},{\"@type\":\"ListItem\",\"position\":3,\"name\":\"Address of the President of the Republic Zoran Milanovi\u0107 at the Antifascist Struggle Day commemoration in Brezovica Memorial Park\"}]},{\"@type\":\"WebSite\",\"@id\":\"https:\\\/\\\/www.predsjednik.hr\\\/en\\\/#website\",\"url\":\"https:\\\/\\\/www.predsjednik.hr\\\/en\\\/\",\"name\":\"President of the Republic of Croatia - Zoran Milanovi\u0107\",\"description\":\"Just another WordPress site\",\"potentialAction\":[{\"@type\":\"SearchAction\",\"target\":{\"@type\":\"EntryPoint\",\"urlTemplate\":\"https:\\\/\\\/www.predsjednik.hr\\\/en\\\/?s={search_term_string}\"},\"query-input\":{\"@type\":\"PropertyValueSpecification\",\"valueRequired\":true,\"valueName\":\"search_term_string\"}}],\"inLanguage\":\"en-US\"}]}<\/script>\n<!-- \/ Yoast SEO plugin. -->","yoast_head_json":{"title":"Address of the President of the Republic Zoran Milanovi\u0107 at the Antifascist Struggle Day commemoration in Brezovica Memorial Park - President of the Republic of Croatia - Zoran Milanovi\u0107","robots":{"index":"index","follow":"follow","max-snippet":"max-snippet:-1","max-image-preview":"max-image-preview:large","max-video-preview":"max-video-preview:-1"},"canonical":"https:\/\/www.predsjednik.hr\/en\/speeches\/address-of-the-president-of-the-republic-zoran-milanovic-at-the-antifascist-struggle-day-commemoration-in-brezovica-memorial-park\/","og_locale":"en_US","og_type":"article","og_title":"Address of the President of the Republic Zoran Milanovi\u0107 at the Antifascist Struggle Day commemoration in Brezovica Memorial Park - President of the Republic of Croatia - Zoran Milanovi\u0107","og_description":"Address of the President of the Republic Zoran Milanovi\u0107 at the Antifascist Struggle Day commemoration in Brezovica Memorial Park","og_url":"https:\/\/www.predsjednik.hr\/en\/speeches\/address-of-the-president-of-the-republic-zoran-milanovic-at-the-antifascist-struggle-day-commemoration-in-brezovica-memorial-park\/","og_site_name":"President of the Republic of Croatia - Zoran Milanovi\u0107","article_modified_time":"2021-06-29T09:43:59+00:00","og_image":[{"width":1200,"height":630,"url":"https:\/\/www.predsjednik.hr\/wp-content\/uploads\/2021\/05\/share.jpg","type":"image\/jpeg"}],"twitter_card":"summary_large_image","twitter_misc":{"Est. reading time":"9 minutes"},"schema":{"@context":"https:\/\/schema.org","@graph":[{"@type":"WebPage","@id":"https:\/\/www.predsjednik.hr\/en\/speeches\/address-of-the-president-of-the-republic-zoran-milanovic-at-the-antifascist-struggle-day-commemoration-in-brezovica-memorial-park\/","url":"https:\/\/www.predsjednik.hr\/en\/speeches\/address-of-the-president-of-the-republic-zoran-milanovic-at-the-antifascist-struggle-day-commemoration-in-brezovica-memorial-park\/","name":"Address of the President of the Republic Zoran Milanovi\u0107 at the Antifascist Struggle Day commemoration in Brezovica Memorial Park - President of the Republic of Croatia - Zoran Milanovi\u0107","isPartOf":{"@id":"https:\/\/www.predsjednik.hr\/en\/#website"},"datePublished":"2021-06-22T16:42:00+00:00","dateModified":"2021-06-29T09:43:59+00:00","breadcrumb":{"@id":"https:\/\/www.predsjednik.hr\/en\/speeches\/address-of-the-president-of-the-republic-zoran-milanovic-at-the-antifascist-struggle-day-commemoration-in-brezovica-memorial-park\/#breadcrumb"},"inLanguage":"en-US","potentialAction":[{"@type":"ReadAction","target":["https:\/\/www.predsjednik.hr\/en\/speeches\/address-of-the-president-of-the-republic-zoran-milanovic-at-the-antifascist-struggle-day-commemoration-in-brezovica-memorial-park\/"]}]},{"@type":"BreadcrumbList","@id":"https:\/\/www.predsjednik.hr\/en\/speeches\/address-of-the-president-of-the-republic-zoran-milanovic-at-the-antifascist-struggle-day-commemoration-in-brezovica-memorial-park\/#breadcrumb","itemListElement":[{"@type":"ListItem","position":1,"name":"Home","item":"https:\/\/www.predsjednik.hr\/en\/"},{"@type":"ListItem","position":2,"name":"Govori","item":"https:\/\/www.predsjednik.hr\/en\/speeches\/"},{"@type":"ListItem","position":3,"name":"Address of the President of the Republic Zoran Milanovi\u0107 at the Antifascist Struggle Day commemoration in Brezovica Memorial Park"}]},{"@type":"WebSite","@id":"https:\/\/www.predsjednik.hr\/en\/#website","url":"https:\/\/www.predsjednik.hr\/en\/","name":"President of the Republic of Croatia - Zoran Milanovi\u0107","description":"Just another WordPress site","potentialAction":[{"@type":"SearchAction","target":{"@type":"EntryPoint","urlTemplate":"https:\/\/www.predsjednik.hr\/en\/?s={search_term_string}"},"query-input":{"@type":"PropertyValueSpecification","valueRequired":true,"valueName":"search_term_string"}}],"inLanguage":"en-US"}]}},"_links":{"self":[{"href":"https:\/\/www.predsjednik.hr\/en\/wp-json\/wp\/v2\/statements\/10869","targetHints":{"allow":["GET"]}}],"collection":[{"href":"https:\/\/www.predsjednik.hr\/en\/wp-json\/wp\/v2\/statements"}],"about":[{"href":"https:\/\/www.predsjednik.hr\/en\/wp-json\/wp\/v2\/types\/statements"}],"wp:attachment":[{"href":"https:\/\/www.predsjednik.hr\/en\/wp-json\/wp\/v2\/media?parent=10869"}],"curies":[{"name":"wp","href":"https:\/\/api.w.org\/{rel}","templated":true}]}}